{"id":1352,"date":"2015-11-16T20:52:20","date_gmt":"2015-11-16T18:52:20","guid":{"rendered":"http:\/\/www.amante-menden.de\/?page_id=1352"},"modified":"2026-01-03T17:20:05","modified_gmt":"2026-01-03T15:20:05","slug":"3-oktober","status":"publish","type":"page","link":"https:\/\/www.amante-menden.de\/?page_id=1352","title":{"rendered":"Benefizkonzert"},"content":{"rendered":"<p><strong>Musik f\u00fcr die gute Sache<br \/>\n<\/strong><\/p>\n<p>Seit 2014 l\u00e4dt amante della musica menden j\u00e4hrlich zum Benefizkonzert auf die Wilhelmsh\u00f6he Menden ein.<\/p>\n<div id=\"attachment_5067\" style=\"width: 372px\" class=\"wp-caption aligncenter\"><a href=\"http:\/\/www.amante-menden.de\/wordpress\/wp-content\/uploads\/2026\/01\/Scheckuebergabe-2025.png\"><img loading=\"lazy\" decoding=\"async\" aria-describedby=\"caption-attachment-5067\" class=\"wp-image-5067\" src=\"http:\/\/www.amante-menden.de\/wordpress\/wp-content\/uploads\/2026\/01\/Scheckuebergabe-2025-300x170.png\" alt=\"\" width=\"362\" height=\"205\" srcset=\"https:\/\/www.amante-menden.de\/wordpress\/wp-content\/uploads\/2026\/01\/Scheckuebergabe-2025-300x170.png 300w, https:\/\/www.amante-menden.de\/wordpress\/wp-content\/uploads\/2026\/01\/Scheckuebergabe-2025-768x436.png 768w, https:\/\/www.amante-menden.de\/wordpress\/wp-content\/uploads\/2026\/01\/Scheckuebergabe-2025.png 947w\" sizes=\"auto, (max-width: 362px) 100vw, 362px\" \/><\/a><p id=\"caption-attachment-5067\" class=\"wp-caption-text\">Copyright: WP I Peter Benedickt<\/p><\/div>\n<p>Bei der Konzertreihe wirken nicht nur Ch\u00f6re, sondern auch Orchester, wie im Jahr 2019 das Landespolizeiorchester NRW, Bands, Solomusiker und Kabarettisten mit. Im Jahr 2025 hat der Chor das Benefizkonzert, das mittlerweile einen festen Platz im Terminkalender der Mendener Kulturszene hat, mal in Form eines Fr\u00fchschoppenkonzertes ausgerichtet und mit dem MGV &#8222;C\u00e4cilia&#8220; Volkringhausen und der Chorgemeinschaft H\u00f6ingen-Vosswinkel zwei Ch\u00f6re eingeladen, mit denen &#8222;amante&#8220; freundschaftlich eng verbunden ist.<\/p>\n<p>2026 feiert &#8222;amante&#8220; seinen 40. Geburtstag und hat auch hierf\u00fcr schon Pl\u00e4ne gschmiedet.<\/p>\n<p>&nbsp;<\/p>\n<h3 style=\"text-align: center;\"><strong>Aktueller Spendenstand seit 2014:<\/strong><br \/>\n<strong>+++ 25.000,00 Euro +++<\/strong><\/h3>\n<p><strong>R\u00fcckblick 03. Oktober 2025<\/strong><\/p>\n<p><strong>Mitwirkende:<br \/>\n<\/strong>amante della musica menden (Leitung: Stefan Risse)<br \/>\nMGV &#8222;C\u00e4cilia&#8220; Volkringhausen (Leitung: Klaus Levermann)<br \/>\nChorgemeinschaft H\u00f6ingen-Vosswinkel (Leitung: Stefan Risse)<br \/>\n<strong>Spendenempf\u00e4nger:<br \/>\n<\/strong>Cham\u00e4leongruppen des Caritasverbandes Iserlohn, Hemer, Menden\u00a0 1.000,00 \u20ac<\/p>\n<p><strong>R\u00fcckblick 03. Oktober 2024<\/p>\n<p><\/strong><strong>Mitwirkende:<br \/>\n<\/strong>amante della musica menden (Leitung: Stefan Risse)<br \/>\nBigband der St\u00e4dt. Realschule Menden (Leitung: Alexander Schwarze)<br \/>\nMartin Smith (Moderation)<br \/>\n<strong>Spendenempf\u00e4nger:<br \/>\n<\/strong>F\u00f6rderverein Ruhrtalklinik e.V.\u00a0\u00a0\u00a0\u00a0\u00a0\u00a0\u00a0\u00a0\u00a0\u00a0\u00a0\u00a0\u00a0\u00a0\u00a0\u00a0\u00a0\u00a0\u00a0 1.000,00 \u20ac<br \/>\nF\u00f6rderverein Frauenhaus Iserlohn e.V. \u00a0 \u00a0\u00a0\u00a0 1.000,00 \u20ac<\/p>\n<p><strong>R\u00fcckblick 24. September 2023<br \/>\nMitwirkende:<br \/>\n<\/strong>amante della musica menden (Leitung: Stefan Risse)<br \/>\nSistaz (Leitung: Britta Adams)<br \/>\nHeinz und Erhardt (Dominik und Thomas Dodt)<strong><br \/>\nSpendenempf\u00e4nger:<br \/>\n<\/strong>F\u00f6rderverein Freizeitzentrum Biebertal\u00a0 1.000,00 \u20ac<br \/>\nHospiz Mutter Teresa \u00a0 \u00a0 \u00a0 \u00a0 \u00a0 \u00a0 \u00a0 \u00a0 \u00a0\u00a0 \u00a0\u00a0\u00a0\u00a0\u00a0\u00a0\u00a0\u00a0\u00a0\u00a0\u00a0\u00a0\u00a0 1.000,00 \u20ac<\/p>\n<p><strong>R\u00fcckblick 30. Oktober 2022<br \/>\nMitwirkende:<br \/>\n<\/strong>amante della musica menden (Leitung: Stefan Risse)<br \/>\nHellweg Blech (Alexander Haneke, Jens Stefan, Niklas Wehmeyer, Konrad S\u00fcmmermann)<br \/>\nProjektchor der Albert-Schweitzer-Grundschule (Leitung: Silke Gerstberger, Daniela Steudle)<strong><br \/>\nSpendenempf\u00e4nger:<br \/>\n<\/strong>SKFM\/De-Cent-Laden\u00a0\u00a0\u00a0\u00a0\u00a0\u00a0\u00a0\u00a0\u00a0\u00a0\u00a0\u00a0\u00a0\u00a0\u00a0\u00a0\u00a0\u00a0\u00a0\u00a0\u00a0\u00a0\u00a0\u00a0\u00a0\u00a0\u00a0 1.000,00 \u20ac<br \/>\nNaturschutzzentrum Arche Noah\u00a0\u00a0\u00a0\u00a0\u00a0\u00a0\u00a0\u00a0\u00a0 1.000,00 \u20ac<strong><br \/>\n<\/strong><\/p>\n<p><strong>R\u00fcckblick 3. Oktober 2019<br \/>\nMitwirkende:<br \/>\n<\/strong>amante della musica menden (Leitung: Stefan Risse)<br \/>\nLandespolizeiorchester Nordrhein-Westfalen (Leitung: Scott Lawton)<br \/>\n<strong>Spendenempf\u00e4nger:<\/strong><br \/>\nVerein f\u00fcr k\u00f6rper- und mehrfachbehinderte Menschen (VKM) \u00a0 \u00a0 1.000,00 \u20ac<br \/>\nScriptum, F\u00f6rderverein der Stadtb\u00fccherei Menden \u00a0 \u00a0 \u00a0 \u00a0 \u00a0 \u00a0 \u00a0 \u00a0 \u00a0 \u00a0 \u00a0 \u00a0 1.000,00 \u20ac<br \/>\nF\u00f6rderverein der Albert-Schweitzer-Grundschule Lahrfeld \u00a0 \u00a0 \u00a0 \u00a0 \u00a0 1.000,00 \u20ac<\/p>\n<p><strong>R\u00fcckblick 3. Oktober 2018<br \/>\nMitwirkende:<br \/>\n<\/strong>amante della musica menden (Leitung: Stefan Risse)<br \/>\ninkl. Frauen-, M\u00e4nner- und Kinderchor sowie Solisten<br \/>\n<strong>Spendenempf\u00e4nger:<\/strong><br \/>\nF\u00f6rderverein der Realschule Menden\u00a0 \u00a0 \u00a0 1.000,00 \u20ac<br \/>\nWalburgisgymnasium Menden\u00a0 \u00a0 \u00a0 \u00a0 \u00a0 \u00a0 \u00a0 \u00a0 \u00a0 1.000,00 \u20ac<br \/>\nSt\u00e4dt. Gymnasium an der H\u00f6nne \u00a0 \u00a0 \u00a0 \u00a0 \u00a0 \u00a0 \u00a0 \u00a01.000,00 \u20ac<\/p>\n<p><strong>R\u00fcckblick 3. Oktober 2017<br \/>\nMitwirkende:<br \/>\n<\/strong>amante della musica menden (Leitung: Stefan Risse)<br \/>\nBand &#8222;Good Wood&#8220; (Menden)<br \/>\nMartin F. Risse (Kabarett \/ Ensemble Dortmunder Geierabend)<br \/>\n<strong>Spendenempf\u00e4nger:<\/strong><br \/>\nStiftung Evangelische Jugendhilfe \u00a0 \u00a0 \u00a0 \u00a0 \u00a0 \u00a01.000,00 \u20ac<br \/>\nF\u00f6rderverein Musikschule Menden \u00a0 \u00a0 \u00a0 \u00a0 \u00a01.000,00 \u20ac<br \/>\nVerein f\u00fcr therap. Reiten Iserlohn\u00a0 \u00a0 \u00a0 \u00a0 \u00a0 \u00a0 1.000,00 \u20ac<\/p>\n<p><strong>R\u00fcckblick 3. Oktober 2016<br \/>\nMitwirkende:<br \/>\n<\/strong>amante della musica menden (Leitung: Stefan Risse)<br \/>\nBitter-Trio (Leitung: Wolfgang Bitter)<br \/>\nKathrin Heinrichs (Kabarett \/ Moderation)<br \/>\n<strong>Spendenempf\u00e4nger:<\/strong><br \/>\nB\u00fcrgerbad Leitmecke \u00a0\u00a0\u00a0\u00a0\u00a0\u00a0\u00a0\u00a0\u00a0\u00a0\u00a0\u00a0\u00a0\u00a0\u00a0\u00a0\u00a0\u00a0\u00a0\u00a0\u00a0\u00a0\u00a0\u00a0\u00a0\u00a0\u00a0\u00a0\u00a0\u00a0\u00a0\u00a0\u00a0 1.000,00 \u20ac<br \/>\nBieberschl\u00fcmpfe\u00a0\u00a0\u00a0\u00a0\u00a0\u00a0\u00a0\u00a0\u00a0\u00a0\u00a0\u00a0\u00a0\u00a0\u00a0\u00a0\u00a0\u00a0\u00a0\u00a0\u00a0\u00a0\u00a0\u00a0\u00a0\u00a0\u00a0\u00a0\u00a0\u00a0\u00a0\u00a0\u00a0\u00a0\u00a0\u00a0\u00a0\u00a0\u00a0\u00a0\u00a0\u00a0 1.000,00 \u20ac<br \/>\nTheo-Beiske-hilft\u00a0\u00a0\u00a0\u00a0\u00a0\u00a0\u00a0\u00a0\u00a0\u00a0\u00a0\u00a0\u00a0\u00a0\u00a0\u00a0\u00a0\u00a0\u00a0\u00a0\u00a0\u00a0\u00a0\u00a0\u00a0\u00a0\u00a0\u00a0\u00a0\u00a0\u00a0\u00a0\u00a0\u00a0\u00a0\u00a0\u00a0\u00a0\u00a0\u00a0\u00a0 1.000,00 \u20ac<\/p>\n<p><strong>R\u00fcckblick 3. Oktober 2015<br \/>\nMitwirkende:<br \/>\n<\/strong>amante della musica menden (Leitung: Stefan Risse)<br \/>\nOrchesterverein Hemer (Leitung: Martin Niedzwiecki)<br \/>\nBodo Schulte \/ Stefan Neuhaus (Klemens Schulte-Vierk\u00f6tter \/ Moderation)<br \/>\n<strong>Spendenempf\u00e4nger:<\/strong><br \/>\nSKM \/ sozialer Warenkorb \u201eDe-Cent\u201c\u00a0\u00a0\u00a0\u00a0\u00a0\u00a0\u00a0\u00a0\u00a0 1.000,00 \u20ac<br \/>\nMendener Tierhilfe\u00a0\u00a0\u00a0\u00a0\u00a0\u00a0\u00a0\u00a0\u00a0\u00a0\u00a0\u00a0\u00a0\u00a0\u00a0\u00a0\u00a0\u00a0\u00a0\u00a0\u00a0\u00a0\u00a0\u00a0\u00a0\u00a0\u00a0\u00a0\u00a0\u00a0\u00a0\u00a0\u00a0\u00a0\u00a0\u00a0\u00a0\u00a0\u00a0\u00a0\u00a0\u00a0 1.000,00 \u20ac<br \/>\nKinder- und Jugendhospiz Balthasar Olpe\u00a0 1.000,00 \u20ac<br \/>\n<strong>Berichterstattung in den Medien:<\/strong><br \/>\n&#8211; <a href=\"http:\/\/www.amante-menden.de\/?p=1300\" target=\"_blank\" rel=\"noopener noreferrer\">Westfalenpost Menden<\/a><br \/>\n&#8211; <a href=\"http:\/\/www.amante-menden.de\/?p=1292\" target=\"_blank\" rel=\"noopener noreferrer\">Hellweger Anzeiger<\/a><br \/>\n&#8211; <a href=\"http:\/\/www.lokalkompass.de\/menden\/kultur\/benefiz-konzert-zur-deutschen-einheit-wilhelmshoehe-menden-d588092.html\" target=\"_blank\" rel=\"noopener noreferrer\">Fotostrecke auf lokalkompass.de<\/a><\/p>\n<p><strong>R\u00fcckblick 3. Oktober 2014<br \/>\nMitwirkende:<br \/>\n<\/strong>amante della musica menden (Leitung: Luc vanden Broek)<br \/>\nRodenbergchor Menden (Leitung: Volker M\u00fcsch)<br \/>\nM\u00e4nnerchor Liederkranz Netphen (Leitung: Thomas Br\u00f6cher)<br \/>\nWerner Innig (Gesang und Gitarre)<br \/>\nKarin Drolshagen (Moderation)<br \/>\n<strong>Spendenempf\u00e4nger:<\/strong><br \/>\nChorstiftung NRW\u00a0\u00a0\u00a0\u00a0\u00a0\u00a0\u00a0\u00a0\u00a0\u00a0\u00a0\u00a0\u00a0\u00a0\u00a0\u00a0\u00a0\u00a0\u00a0\u00a0\u00a0\u00a0\u00a0\u00a0\u00a0\u00a0\u00a0\u00a0\u00a0\u00a0\u00a0\u00a0\u00a0\u00a0\u00a0\u00a0\u00a0 \u00a0\u00a0\u00a0 1.000,00 \u20ac<br \/>\nMendener B\u00fcrgerstiftung\u00a0\u00a0\u00a0\u00a0\u00a0\u00a0\u00a0\u00a0\u00a0\u00a0\u00a0\u00a0\u00a0\u00a0\u00a0\u00a0\u00a0\u00a0\u00a0\u00a0\u00a0\u00a0\u00a0\u00a0\u00a0\u00a0\u00a0\u00a0\u00a0 1.000,00 \u20ac<br \/>\nMendener in Not\u00a0\u00a0\u00a0\u00a0\u00a0\u00a0\u00a0\u00a0\u00a0\u00a0\u00a0\u00a0\u00a0\u00a0\u00a0\u00a0\u00a0\u00a0\u00a0\u00a0\u00a0\u00a0\u00a0\u00a0\u00a0\u00a0\u00a0\u00a0\u00a0\u00a0\u00a0\u00a0\u00a0\u00a0\u00a0\u00a0\u00a0\u00a0\u00a0\u00a0\u00a0\u00a0\u00a0\u00a0\u00a01.000,00 \u20ac<br \/>\n<a href=\"http:\/\/www.amante-menden.de\/?page_id=420\/\" target=\"_blank\" rel=\"noopener noreferrer\">Hier gibt es einige Impressionen<\/a><\/p>\n","protected":false},"excerpt":{"rendered":"<p>Musik f\u00fcr die gute Sache Seit 2014 l\u00e4dt amante della musica menden j\u00e4hrlich zum Benefizkonzert auf die Wilhelmsh\u00f6he Menden ein. Bei der Konzertreihe wirken nicht nur Ch\u00f6re, sondern auch Orchester, wie im Jahr 2019 das Landespolizeiorchester NRW, Bands, Solomusiker und &hellip; <a href=\"https:\/\/www.amante-menden.de\/?page_id=1352\">Weiterlesen <span class=\"meta-nav\">&rarr;<\/span><\/a><\/p>\n","protected":false},"author":3,"featured_media":0,"parent":0,"menu_order":0,"comment_status":"closed","ping_status":"closed","template":"","meta":{"footnotes":""},"class_list":["post-1352","page","type-page","status-publish","hentry"],"_links":{"self":[{"href":"https:\/\/www.amante-menden.de\/index.php?rest_route=\/wp\/v2\/pages\/1352","targetHints":{"allow":["GET"]}}],"collection":[{"href":"https:\/\/www.amante-menden.de\/index.php?rest_route=\/wp\/v2\/pages"}],"about":[{"href":"https:\/\/www.amante-menden.de\/index.php?rest_route=\/wp\/v2\/types\/page"}],"author":[{"embeddable":true,"href":"https:\/\/www.amante-menden.de\/index.php?rest_route=\/wp\/v2\/users\/3"}],"replies":[{"embeddable":true,"href":"https:\/\/www.amante-menden.de\/index.php?rest_route=%2Fwp%2Fv2%2Fcomments&post=1352"}],"version-history":[{"count":110,"href":"https:\/\/www.amante-menden.de\/index.php?rest_route=\/wp\/v2\/pages\/1352\/revisions"}],"predecessor-version":[{"id":5071,"href":"https:\/\/www.amante-menden.de\/index.php?rest_route=\/wp\/v2\/pages\/1352\/revisions\/5071"}],"wp:attachment":[{"href":"https:\/\/www.amante-menden.de\/index.php?rest_route=%2Fwp%2Fv2%2Fmedia&parent=1352"}],"curies":[{"name":"wp","href":"https:\/\/api.w.org\/{rel}","templated":true}]}}