{"id":2588,"date":"2016-01-06T14:21:31","date_gmt":"2016-01-06T12:21:31","guid":{"rendered":"http:\/\/www.amante-menden.de\/?page_id=2588"},"modified":"2016-01-06T14:21:31","modified_gmt":"2016-01-06T12:21:31","slug":"jahreshauptversammlung-2003","status":"publish","type":"page","link":"https:\/\/www.amante-menden.de\/?page_id=2588","title":{"rendered":"Jahreshauptversammlung 2003"},"content":{"rendered":"<p style=\"text-align: justify;\"><a href=\"http:\/\/www.amante-menden.de\/wordpress\/wp-content\/uploads\/2016\/01\/Vorstand.jpg\" rel=\"attachment wp-att-2591\"><img loading=\"lazy\" decoding=\"async\" class=\"size-full wp-image-2591 aligncenter\" src=\"http:\/\/www.amante-menden.de\/wordpress\/wp-content\/uploads\/2016\/01\/Vorstand.jpg\" alt=\"Vorstand\" width=\"300\" height=\"190\" \/><\/a><\/p>\n<p style=\"text-align: justify;\"><strong>Menden.<\/strong> Ganz im Zeichen des bevorstehenden Meisterchorsingens stand die Jahreshauptversammlung von amante della musica menden in der Aula der Regenbogenschule. Der 1. Vorsitzende Lars Becker, der einstimmig f\u00fcr zwei weitere Jahre gew\u00e4hlt wurde, und Chorleiter Klaus Levermann (Musikdirektor FDB) schworen die inzwischen fast 50 aktive Mitglieder starke Singgemeinschaft in ihren Berichten auf das Highlight des Jahres ein. Sie appellierten an den Chor, die Proben bis zum 31. Mai sehr gewissenhaft anzugehen, damit auch die dritte Teilnahme beim h\u00f6chsten Leistungssingen in Nordrhein-Westfalen von Erfolg gekr\u00f6nt sein wird.<\/p>\n<p><a href=\"http:\/\/www.amante-menden.de\/wordpress\/wp-content\/uploads\/2016\/01\/jhv2.jpg\" rel=\"attachment wp-att-2590\"><img loading=\"lazy\" decoding=\"async\" class=\"size-full wp-image-2590 alignleft\" src=\"http:\/\/www.amante-menden.de\/wordpress\/wp-content\/uploads\/2016\/01\/jhv2.jpg\" alt=\"jhv2\" width=\"265\" height=\"150\" \/><\/a>Nach den obligatorischen Jahres- und Kassenberichten sowie dem Verlesen des Vorjahresprotokolls standen einige Neuwahlen auf der Tagesordnung. Stellvertreter Beckers und damit 2. Vorsitzender ist die n\u00e4chsten 12 Monate Martin Haupt, neue 1. Schriftf\u00fchrerin ist f\u00fcr zwei Jahre Gabi Brinkmann. Sandra Weier wurde als 1. Kassiererin und Tobias Holz als Notenwart f\u00fcr zwei weitere Jahre best\u00e4tigt, Edmund Holz pr\u00fcft in den n\u00e4chsten beiden Jahren die Chorkasse. Dem Vergn\u00fcgungsausschuss geh\u00f6rt ab sofort auch noch Astrid Blankenhagen an. Simone Friedhoff und Melanie Eifler, die auf eigenen Wunsch aus dem Vorstand ausschieden, waren zuvor von Lars Becker mit Pr\u00e4senten f\u00fcr ihr langj\u00e4hriges Engagement bedacht worden.<\/p>\n<p>Der Terminkalender von amante ist traditionell schon wieder bestens gef\u00fcllt. Vom 24. bis 26. Januar ist der Chor zu Gast in der Musikakademie D\u00fcmmersee, um hier intensiv an den vier St\u00fccken f\u00fcr das Meisterchorsingen zu proben. Am 15. Februar richtet der dreifache Leistungschor das Gutachersingen des S\u00e4ngerkreises H\u00f6nne-Ruhr in der Lendringser Sch\u00fctzenhalle aus und nimmt selbst daran teil.<\/p>\n<p><a href=\"http:\/\/www.amante-menden.de\/wordpress\/wp-content\/uploads\/2016\/01\/jhv1.jpg\" rel=\"attachment wp-att-2589\"><img loading=\"lazy\" decoding=\"async\" class=\"size-full wp-image-2589 alignright\" src=\"http:\/\/www.amante-menden.de\/wordpress\/wp-content\/uploads\/2016\/01\/jhv1.jpg\" alt=\"jhv1\" width=\"267\" height=\"200\" \/><\/a>Dann folgen Auftritte beim Freundschaftssingen des Frauenchores Menden (15.3.), des Frauenchores Eisborn (28.3.) und des MGV Menden 1903 (16.5.) sowie beim Chortreffen anl\u00e4sslich der 20-j\u00e4hrigen Chorleitert\u00e4tigkeit von Klaus Levermann am 30. M\u00e4rz auf der Wilhelmsh\u00f6he. Dazu \u00fcbernimmt amante die Bewirtungen bei der \u00dc30-Party in Lendringsen, an Weiberfastnacht in Lendringsen und beim Sch\u00fctzenfest im Mendener S\u00fcden. Obendrein hofft der Chor auf einen Getr\u00e4nkestand auf der Pfingstkirmes, der dann gemeinsam mit dem Kinderchor &#8222;bambini della musica&#8220; besetzt werden soll.<\/p>\n","protected":false},"excerpt":{"rendered":"<p>Menden. Ganz im Zeichen des bevorstehenden Meisterchorsingens stand die Jahreshauptversammlung von amante della musica menden in der Aula der Regenbogenschule. Der 1. Vorsitzende Lars Becker, der einstimmig f\u00fcr zwei weitere Jahre gew\u00e4hlt wurde, und Chorleiter Klaus Levermann (Musikdirektor FDB) schworen &hellip; <a href=\"https:\/\/www.amante-menden.de\/?page_id=2588\">Weiterlesen <span class=\"meta-nav\">&rarr;<\/span><\/a><\/p>\n","protected":false},"author":1,"featured_media":0,"parent":161,"menu_order":32,"comment_status":"closed","ping_status":"closed","template":"","meta":{"footnotes":""},"class_list":["post-2588","page","type-page","status-publish","hentry"],"_links":{"self":[{"href":"https:\/\/www.amante-menden.de\/index.php?rest_route=\/wp\/v2\/pages\/2588","targetHints":{"allow":["GET"]}}],"collection":[{"href":"https:\/\/www.amante-menden.de\/index.php?rest_route=\/wp\/v2\/pages"}],"about":[{"href":"https:\/\/www.amante-menden.de\/index.php?rest_route=\/wp\/v2\/types\/page"}],"author":[{"embeddable":true,"href":"https:\/\/www.amante-menden.de\/index.php?rest_route=\/wp\/v2\/users\/1"}],"replies":[{"embeddable":true,"href":"https:\/\/www.amante-menden.de\/index.php?rest_route=%2Fwp%2Fv2%2Fcomments&post=2588"}],"version-history":[{"count":1,"href":"https:\/\/www.amante-menden.de\/index.php?rest_route=\/wp\/v2\/pages\/2588\/revisions"}],"predecessor-version":[{"id":2592,"href":"https:\/\/www.amante-menden.de\/index.php?rest_route=\/wp\/v2\/pages\/2588\/revisions\/2592"}],"up":[{"embeddable":true,"href":"https:\/\/www.amante-menden.de\/index.php?rest_route=\/wp\/v2\/pages\/161"}],"wp:attachment":[{"href":"https:\/\/www.amante-menden.de\/index.php?rest_route=%2Fwp%2Fv2%2Fmedia&parent=2588"}],"curies":[{"name":"wp","href":"https:\/\/api.w.org\/{rel}","templated":true}]}}