{"id":425,"date":"2015-06-03T15:03:10","date_gmt":"2015-06-03T13:03:10","guid":{"rendered":"http:\/\/amante-menden.de\/wordpress\/?page_id=425"},"modified":"2015-06-16T15:13:04","modified_gmt":"2015-06-16T13:13:04","slug":"jahreshauptversammlung-2014","status":"publish","type":"page","link":"https:\/\/www.amante-menden.de\/?page_id=425","title":{"rendered":"Jahreshauptversammlung 2014"},"content":{"rendered":"<h3>Vom Meisterchorsingen bis zur neuen Konzertreihe: amante della musica verst\u00e4rkt die B\u00fchnenpr\u00e4senz<\/h3>\n<h3>Chorgemeinschaft pr\u00e4sentiert sich 2014 wieder viel h\u00e4ufiger in der \u00d6ffentlichkeit<\/h3>\n<p><a href=\"http:\/\/amante-menden.de\/wordpress\/wp-content\/uploads\/2015\/06\/gruppe-klein1.jpg\"><img loading=\"lazy\" decoding=\"async\" class=\"alignnone size-large wp-image-429\" src=\"http:\/\/amante-menden.de\/wordpress\/wp-content\/uploads\/2015\/06\/gruppe-klein1-1024x565.jpg\" alt=\"gruppe-klein\" width=\"640\" height=\"353\" srcset=\"https:\/\/www.amante-menden.de\/wordpress\/wp-content\/uploads\/2015\/06\/gruppe-klein1-1024x565.jpg 1024w, https:\/\/www.amante-menden.de\/wordpress\/wp-content\/uploads\/2015\/06\/gruppe-klein1-300x165.jpg 300w, https:\/\/www.amante-menden.de\/wordpress\/wp-content\/uploads\/2015\/06\/gruppe-klein1-900x496.jpg 900w, https:\/\/www.amante-menden.de\/wordpress\/wp-content\/uploads\/2015\/06\/gruppe-klein1.jpg 2000w\" sizes=\"auto, (max-width: 640px) 100vw, 640px\" \/><\/a><\/p>\n<p style=\"text-align: justify;\">MENDEN. Satzung ge\u00e4ndert, ebenfalls einstimmig die Beitr\u00e4ge erh\u00f6ht, Ehrungen und Vorstandswahlen durchgef\u00fchrt, vor allem aber Gastauftritte und das eigene Konzert geplant: In einer fast vierst\u00fcndigen Jahreshauptversammlung hat amante della musica menden am Samstag die Ampel f\u00fcr 2014 und auch dar\u00fcber hinaus auf &#8222;Gr\u00fcn&#8220; gestellt.<\/p>\n<p style=\"text-align: justify;\">Wichtigste Nachricht f\u00fcr die vielen Fans: Unter der Regie von Dirigent Luc vanden Broek wird der vierfache Meisterchor in diesem Jahr in Menden und Umgebung wieder viel h\u00e4ufiger zu erleben sein. Nach einem ersten gemeinsamen Jahr, das ganz im Zeichen des Kennenlernens von Chor und musikalischem Leiter stand, wird amante sich mit komplett neuem Repertoire pr\u00e4sentieren.<\/p>\n<p style=\"text-align: justify;\">Die \u00f6ffentliche Premiere des Programms f\u00fcr das Meisterchorsingen (31. Mai, Kulturzentrum Neheim-H\u00fcsten) gibt es allerdings am 6. April in der Stadthalle Meinerzhagen &#8211; also exakt dort, wo der Chor 1993 erstmals zum Meisterchor avancierte. Der gemischte Chor Mixtour hat das Mendener Ensemble zur Mitwirkung an seiner Jubil\u00e4ums-Matin\u00e9e gebeten.<\/p>\n<p style=\"text-align: justify;\">Nach der sechst\u00e4gigen Chorfahrt nach Dresden (21.-26. April) samt Gesangseinlage im Dom zu Mei\u00dfen tritt amante beim Chorfestival des MGV C\u00e4cilia Volkringhausen (9. Mai) sowie beim Musik-Caf\u00e9 des Chorverbandes H\u00f6nne-Ruhr im Biebertal auf (18. Mai), f\u00fcr den 10. Mai ist zudem ein Coaching mit Prof. Michael Schmoll terminiert.<\/p>\n<p style=\"text-align: justify;\">So sollen die Grundlagen daf\u00fcr geschaffen werden, dass amante zum f\u00fcnften Mal f\u00fcr f\u00fcnf Jahre die h\u00f6chste Auszeichnung im Chorverband Nordrhein-Westfalen erringen kann.<\/p>\n<p style=\"text-align: justify;\">F\u00fcr den 21. Juni wurden die &#8222;Musikliebhaber&#8220; vom Chor Con Brio zum Konzert nach Sundern-Hagen eingeladen, vom 29. bis 31. August geht es ins Haus D\u00fcsse nach Bad Sassendorf zum Probewochenende. Hier arbeitet Luc vanden Broek dann am Feinschliff f\u00fcr die neue eigene Konzertreihe von amante della musica menden.<\/p>\n<p style=\"text-align: justify;\">Immer am Tag der deutschen Einheit (3. Oktober) l\u00e4dt der gemischte Chor k\u00fcnftig auf die Wilhelmsh\u00f6he ein. F\u00fcr die Premiere haben der Rodenbergchor Menden und der M\u00e4nnerchor 1874 Balve ihre Teilnahme bereits fest zugesagt. Damit d\u00fcrfen sich alle Musikfreunde auf drei leistungsstarke Singgemeinschaften freuen. Details zu Ticketpreisen und Vorverkaufsstellen wird amante zeitnah ver\u00f6ffentlichen.<\/p>\n<p style=\"text-align: justify;\">&#8222;Wir haben uns bewusst diese terminliche Nische zwischen den traditionellen Konzerten unserer befreundeten Ch\u00f6re gesucht. Es gibt vor allem in der Advents- und Weihnachtszeit sowie zum Jahreswechsel tolle Veranstaltungen, da w\u00e4re ein zus\u00e4tzliches Angebot nicht sinnvoll gewesen. Wir hoffen, dass viele Menschen Lust haben werden, diesen Feiertag mit Musik zu verbringen&#8220;, erl\u00e4uterte der Vorsitzende Lars Becker.<\/p>\n<p style=\"text-align: justify;\">Zwei weitere hochkar\u00e4tige Auftritte folgen noch: die Mitgestaltung der Jubilarehrung des Chorverbandes H\u00f6nne-Ruhr (8. November, Wilhelmsh\u00f6he) und die Umrahmung des Jahresabschlussgottesdienstes der Mendener Sch\u00fctzen (30. Dezember, St. Vincenz-Kirche).<\/p>\n<p style=\"text-align: justify;\">Melanie Ferber (2. Vorsitzende), Markus Woitzik (2. Kassierer) und Silke H\u00fchner (2. Schriftf\u00fchrerin) wurden allesamt f\u00fcr zwei Jahre in ihren \u00c4mtern wiedergew\u00e4hlt, neues Schnuppermitglied im Vorstand ist Anja Sch\u00fcrmann, Kassenpr\u00fcferin ist Sigrun Holz.<\/p>\n<p style=\"text-align: justify;\">F\u00fcr ihre 20-j\u00e4hrige aktive Mitgliedschaft wurden Lars Becker sowie Erwin und Alina Orlich geehrt. Seit f\u00fcnf Jahren singen Monika Jaeger, Sabine Cordes, Evelyn Schl\u00fcter, Andreas Niemann und Martin Schindler bei amante. Ein Pr\u00e4sent f\u00fcr den 100-prozentigen Besuch aller 49 Chortermine des letzten Jahres erhielt Dominik Wallot.<\/p>\n","protected":false},"excerpt":{"rendered":"<p>Vom Meisterchorsingen bis zur neuen Konzertreihe: amante della musica verst\u00e4rkt die B\u00fchnenpr\u00e4senz Chorgemeinschaft pr\u00e4sentiert sich 2014 wieder viel h\u00e4ufiger in der \u00d6ffentlichkeit MENDEN. Satzung ge\u00e4ndert, ebenfalls einstimmig die Beitr\u00e4ge erh\u00f6ht, Ehrungen und Vorstandswahlen durchgef\u00fchrt, vor allem aber Gastauftritte und das &hellip; <a href=\"https:\/\/www.amante-menden.de\/?page_id=425\">Weiterlesen <span class=\"meta-nav\">&rarr;<\/span><\/a><\/p>\n","protected":false},"author":1,"featured_media":0,"parent":156,"menu_order":144,"comment_status":"closed","ping_status":"closed","template":"","meta":{"footnotes":""},"class_list":["post-425","page","type-page","status-publish","hentry"],"_links":{"self":[{"href":"https:\/\/www.amante-menden.de\/index.php?rest_route=\/wp\/v2\/pages\/425","targetHints":{"allow":["GET"]}}],"collection":[{"href":"https:\/\/www.amante-menden.de\/index.php?rest_route=\/wp\/v2\/pages"}],"about":[{"href":"https:\/\/www.amante-menden.de\/index.php?rest_route=\/wp\/v2\/types\/page"}],"author":[{"embeddable":true,"href":"https:\/\/www.amante-menden.de\/index.php?rest_route=\/wp\/v2\/users\/1"}],"replies":[{"embeddable":true,"href":"https:\/\/www.amante-menden.de\/index.php?rest_route=%2Fwp%2Fv2%2Fcomments&post=425"}],"version-history":[{"count":4,"href":"https:\/\/www.amante-menden.de\/index.php?rest_route=\/wp\/v2\/pages\/425\/revisions"}],"predecessor-version":[{"id":431,"href":"https:\/\/www.amante-menden.de\/index.php?rest_route=\/wp\/v2\/pages\/425\/revisions\/431"}],"up":[{"embeddable":true,"href":"https:\/\/www.amante-menden.de\/index.php?rest_route=\/wp\/v2\/pages\/156"}],"wp:attachment":[{"href":"https:\/\/www.amante-menden.de\/index.php?rest_route=%2Fwp%2Fv2%2Fmedia&parent=425"}],"curies":[{"name":"wp","href":"https:\/\/api.w.org\/{rel}","templated":true}]}}