{"id":742,"date":"2015-06-16T15:23:58","date_gmt":"2015-06-16T13:23:58","guid":{"rendered":"http:\/\/amante-menden.de\/?page_id=742"},"modified":"2015-06-16T15:24:50","modified_gmt":"2015-06-16T13:24:50","slug":"25-jahre-amante-della-musica-menden-junger-chor-menden-1986-chorfestival-hoenne-ruhr","status":"publish","type":"page","link":"https:\/\/www.amante-menden.de\/?page_id=742","title":{"rendered":"25 Jahre amante della musica menden \/ Junger Chor Menden 1986 &#8212; Chorfestival H\u00f6nne-Ruhr"},"content":{"rendered":"<p>Bilder von Michael Kordes<\/p>\n<p><a href=\"http:\/\/amante-menden.de\/wordpress\/wp-content\/uploads\/2015\/06\/34.jpg\"><img loading=\"lazy\" decoding=\"async\" class=\" size-full wp-image-733 aligncenter\" src=\"http:\/\/amante-menden.de\/wordpress\/wp-content\/uploads\/2015\/06\/34.jpg\" alt=\"3\" width=\"487\" height=\"200\" srcset=\"https:\/\/www.amante-menden.de\/wordpress\/wp-content\/uploads\/2015\/06\/34.jpg 487w, https:\/\/www.amante-menden.de\/wordpress\/wp-content\/uploads\/2015\/06\/34-300x123.jpg 300w\" sizes=\"auto, (max-width: 487px) 100vw, 487px\" \/><\/a><\/p>\n<h2>Kurzweiliges Festival zum 25-j\u00e4hrigen Bestehen des hoch dekorierten Chors<\/h2>\n<h3>Mit dem Chorfestival H\u00f6nne-Ruhr hat der Chor &#8222;amante della musica&#8220; am Wochenende sein 25-j\u00e4hriges Bestehen gefeiert.<\/h3>\n<p>Bericht von Nico Schwarze Hellweger Anzeiger<\/p>\n<p align=\"justify\">Auf der einen Seite der B\u00fchne auf der Wilhelmsh\u00f6he hing die schwarz-wei\u00dfe Fahne &#8222;Junger Chor Menden 1986&#8220;, auf der anderen Seite das mehrfarbige Transparent &#8222;amante della musica&#8220;: Seit seiner Gr\u00fcndung vor 25 Jahren hat sich der mit mehreren h\u00f6chsten Auszeichnungen dekorierte Chor zu einem der besten Klangk\u00f6rper im Chorverband Nordrhein-Westfalen entwickelt. Und auch mit dem am Freitag- und Samstagabend veranstalteten Chorfestival H\u00f6nne-Ruhr zum Silberjubil\u00e4um setzte der heimische Chor neue Ma\u00dfst\u00e4be.<\/p>\n<p align=\"justify\">Sich vom inzwischen zu antiquierten Status des Freundschaftssingens absetzend, pr\u00e4sentierte &#8222;amante&#8220; ein frisches Konzept, das des Chores Grundauffassung dokumentierte: Freude am Gesang und die Freude an der Pr\u00e4sentation. Die 22 teilnehmenden Ch\u00f6re an beiden Tagen waren von der Neuausrichtung merklich angetan.<\/p>\n<p align=\"justify\">&#8222;Bei den Freundschaftssingen ging es schon fast wie am Flie\u00dfband zu, die einen runter von der B\u00fchne, die anderen rauf. Wir wollen f\u00fcr eine etwas entspanntere Atmosph\u00e4re sorgen&#8220;, erl\u00e4uterte amante-Vorsitzender Lars Becker.<\/p>\n<p align=\"justify\">Dementsprechend wurde die Reihenfolge der auftretenden Ch\u00f6re ausgelost. Zwischen den einzelnen Auftritten wurden immer kurze \u00dcbergangspausen eingelegt. \u00c4u\u00dferst gelungen war das &#8222;menschliche Navigationssystem&#8220;, als das die beiden amante-Mitglieder Mona Jaeger und Andreas Niemann auftraten: Mit Wortwitz f\u00fchrte das Duo charmant durchs Programm und erm\u00f6glichte so stimmige \u00dcberg\u00e4nge f\u00fcr alle beteiligten S\u00e4ngerinnen und S\u00e4nger &#8211; getreu dem amante-Motto &#8222;miteinander &#8211; mittendrin&#8220;.<\/p>\n<p align=\"justify\">Auch musikalisch pr\u00e4sentierte sich der Chor einmal mehr von seiner besten Seite: Nach dem Vorm\u00e4rz-Lied &#8222;Wer recht in Freuden wandern will&#8220; folgte eine Premiere, die ein G\u00e4nsehaut-Erlebnis bescherte: Der Chor intonierte &#8222;Engel&#8220; von Rammstein auf beeindruckende Art und hatte bei einem schwierigen, mit gegenl\u00e4ufigen Stimmen konzipiertem Arrangement noch die Lockerheit f\u00fcr eine passende Choreografie &#8211; begeisterter Applaus war der verdiente Lohn.<\/p>\n<p align=\"justify\">Tobias Holz als Vorsitzender des Chorverbandes H\u00f6nne-Ruhr stellte die von Volkslied \u00fcber Kirchenmusik, Klassik, Gospel, Pop bis zum Rock reichende stilistische Vielfalt des Klangk\u00f6rpers heraus und w\u00fcrdigte die besondere Stellung von amante im Verbund: &#8222;Ihr seid ein starker Partner&#8220; &#8211; und dieser d\u00fcrfte der Chor mit seinen innovativen Ideen auch im n\u00e4chsten Vierteljahrhundert bleiben.<\/p>\n<hr \/>\n<h2>Hunderte Gratulanten sangen den Jubilaren viele St\u00e4ndchen<\/h2>\n<h3 align=\"justify\">Bericht von Laura Oswald-J\u00fcttner Westfalenpost Menden<\/h3>\n<p align=\"justify\">22 Ch\u00f6re an zwei Tagen &#8211; das Chorfestival wurde zu einem Gesangsmarathon. Hunderte Gratulanten aus dem Chorverband H\u00f6nne-Ruhr besangen am Freitag und Samstag den 25. Geburtstag des heimischen Meisterchores amante della musica menden.&#8220;Es war eine sch\u00f6ne Veranstaltung, das musikalische Niveau war herausragend&#8220;, res\u00fcmierte amante-Vorsitzender Lars Becker. An beiden Tagen er\u00f6ffneten die Geburtstagskinder das Programm mit dem Volkslied &#8222;Wer recht in Freuden wandern will&#8220; und dem Rammstein-Hit &#8222;Engel&#8220;. Diese Nummer kam am Freitag zur Urauff\u00fchrung, erst zwei Tage zuvor hatte amante die Proben hierzu abgeschlossen. Die Akteure bewiesen damit, dass auch brachialer Rock in chorischem Arrangement gut klingen kann. Direkt nach dem Auftritt bat Lars Becker zwei Gl\u00fccksfeen zu sich &#8211; am Freitag den ehemaligen Chorleiter Klaus Levermann, am Samstag das Ehrenmitglied Monika Wittmann. Sie hatten die Aufgabe, die Auftrittsreihenfolge der Ch\u00f6re f\u00fcr den Abend auszulosen.<\/p>\n<p align=\"justify\">Neun Ch\u00f6re \u00fcberbrachten ihre musikalischen Gl\u00fcckw\u00fcnsche am Freitag, 13 am Samstag. Lars Becker vermutete, dass man erst im Morgengrauen nach Hause komme, denn im Anschluss an das Programm wurde noch ordentlich gefeiert. Die Auslosung kam bei den Ch\u00f6ren sehr gut an. Nach einem tollen Programm zog es die Jubilare noch einmal auf die B\u00fchne, und sie verabschiedeten sich mit dem Queen-Klassiker &#8222;Bohemian Rhapsody&#8220;.<\/p>\n<p align=\"justify\">Die Jubilare verzichteten auf das \u00fcbliche &#8222;Sauerl\u00e4nder Flachgeschenk&#8220;, lediglich vom Chorverband nahmen sie einen Umschlag entgegen. &#8222;Die meisten Ch\u00f6re aus dem Verband haben uns ja schon beim Festakt im Februar Geschenke gemacht&#8220;, so Lars Becker. Stattdessen gab es an beiden Tagen eine Verlosung zu Gunsten der Chorstiftung NRW. Mit den gekauften Losen hatten die G\u00e4ste die Chance auf einen Rucksack, der beide CDs von amante beinhaltete, sowie eine Flasche Sekt und den &#8222;amante-Schluck&#8220;, einen s\u00fcffiger Lik\u00f6r. Am Freitag waren damit schon gut 250 Euro zusammen gekommen.<\/p>\n<p align=\"justify\">Im Oktober hatte sich der Chorverband H\u00f6nne-Ruhr dazu entschlossen, das Freundschaftssingen bei Jubil\u00e4en zu reformieren, da es \u00fcber die Jahre doch zu einer recht eingefahrenen Veranstaltung geworden war. Die Ch\u00f6re kamen, lieferten zwei, maximal drei Lieder ab und verschwanden wieder, es war zu einer Pflichtveranstaltung geworden. Jetzt hei\u00dft es nicht mehr Freundschaftssingen, sondern Chorfestival H\u00f6nne-Ruhr. Die Vortr\u00e4ge sind nicht mehr vorgegeben, die Auftrittszeit ist auf 15 Minuten pro Chor festgelegt. &#8222;Dadurch ist das Ganze viel entspannter&#8220;, erkl\u00e4rte Lars Becker. Die Reformen scheinen gegriffen zu haben, amante della musica und die G\u00e4ste auf der Wilhelmsh\u00f6he hatten viel Spa\u00df.<\/p>\n<div id='gallery-1' class='gallery galleryid-742 gallery-columns-3 gallery-size-thumbnail'><dl class='gallery-item'>\n\t\t\t<dt class='gallery-icon landscape'>\n\t\t\t\t<a href='https:\/\/www.amante-menden.de\/?attachment_id=741'><img loading=\"lazy\" decoding=\"async\" width=\"150\" height=\"150\" src=\"https:\/\/www.amante-menden.de\/wordpress\/wp-content\/uploads\/2015\/06\/113-150x150.jpg\" class=\"attachment-thumbnail size-thumbnail\" alt=\"\" srcset=\"https:\/\/www.amante-menden.de\/wordpress\/wp-content\/uploads\/2015\/06\/113-150x150.jpg 150w, https:\/\/www.amante-menden.de\/wordpress\/wp-content\/uploads\/2015\/06\/113-144x144.jpg 144w\" sizes=\"auto, (max-width: 150px) 100vw, 150px\" \/><\/a>\n\t\t\t<\/dt><\/dl><dl class='gallery-item'>\n\t\t\t<dt class='gallery-icon landscape'>\n\t\t\t\t<a href='https:\/\/www.amante-menden.de\/?attachment_id=740'><img loading=\"lazy\" decoding=\"async\" width=\"150\" height=\"150\" src=\"https:\/\/www.amante-menden.de\/wordpress\/wp-content\/uploads\/2015\/06\/103-150x150.jpg\" class=\"attachment-thumbnail size-thumbnail\" alt=\"\" srcset=\"https:\/\/www.amante-menden.de\/wordpress\/wp-content\/uploads\/2015\/06\/103-150x150.jpg 150w, https:\/\/www.amante-menden.de\/wordpress\/wp-content\/uploads\/2015\/06\/103-144x144.jpg 144w\" sizes=\"auto, (max-width: 150px) 100vw, 150px\" \/><\/a>\n\t\t\t<\/dt><\/dl><dl class='gallery-item'>\n\t\t\t<dt class='gallery-icon landscape'>\n\t\t\t\t<a href='https:\/\/www.amante-menden.de\/?attachment_id=739'><img loading=\"lazy\" decoding=\"async\" width=\"150\" height=\"150\" src=\"https:\/\/www.amante-menden.de\/wordpress\/wp-content\/uploads\/2015\/06\/93-150x150.jpg\" class=\"attachment-thumbnail size-thumbnail\" alt=\"\" srcset=\"https:\/\/www.amante-menden.de\/wordpress\/wp-content\/uploads\/2015\/06\/93-150x150.jpg 150w, https:\/\/www.amante-menden.de\/wordpress\/wp-content\/uploads\/2015\/06\/93-144x144.jpg 144w\" sizes=\"auto, (max-width: 150px) 100vw, 150px\" \/><\/a>\n\t\t\t<\/dt><\/dl><br style=\"clear: both\" \/><dl class='gallery-item'>\n\t\t\t<dt class='gallery-icon landscape'>\n\t\t\t\t<a href='https:\/\/www.amante-menden.de\/?attachment_id=738'><img loading=\"lazy\" decoding=\"async\" width=\"150\" height=\"150\" src=\"https:\/\/www.amante-menden.de\/wordpress\/wp-content\/uploads\/2015\/06\/84-150x150.jpg\" class=\"attachment-thumbnail size-thumbnail\" alt=\"\" srcset=\"https:\/\/www.amante-menden.de\/wordpress\/wp-content\/uploads\/2015\/06\/84-150x150.jpg 150w, https:\/\/www.amante-menden.de\/wordpress\/wp-content\/uploads\/2015\/06\/84-144x144.jpg 144w\" sizes=\"auto, (max-width: 150px) 100vw, 150px\" \/><\/a>\n\t\t\t<\/dt><\/dl><dl class='gallery-item'>\n\t\t\t<dt class='gallery-icon landscape'>\n\t\t\t\t<a href='https:\/\/www.amante-menden.de\/?attachment_id=737'><img loading=\"lazy\" decoding=\"async\" width=\"150\" height=\"150\" src=\"https:\/\/www.amante-menden.de\/wordpress\/wp-content\/uploads\/2015\/06\/64-150x150.jpg\" class=\"attachment-thumbnail size-thumbnail\" alt=\"\" srcset=\"https:\/\/www.amante-menden.de\/wordpress\/wp-content\/uploads\/2015\/06\/64-150x150.jpg 150w, https:\/\/www.amante-menden.de\/wordpress\/wp-content\/uploads\/2015\/06\/64-144x144.jpg 144w\" sizes=\"auto, (max-width: 150px) 100vw, 150px\" \/><\/a>\n\t\t\t<\/dt><\/dl><dl class='gallery-item'>\n\t\t\t<dt class='gallery-icon landscape'>\n\t\t\t\t<a href='https:\/\/www.amante-menden.de\/?attachment_id=736'><img loading=\"lazy\" decoding=\"async\" width=\"150\" height=\"150\" src=\"https:\/\/www.amante-menden.de\/wordpress\/wp-content\/uploads\/2015\/06\/54-150x150.jpg\" class=\"attachment-thumbnail size-thumbnail\" alt=\"\" srcset=\"https:\/\/www.amante-menden.de\/wordpress\/wp-content\/uploads\/2015\/06\/54-150x150.jpg 150w, https:\/\/www.amante-menden.de\/wordpress\/wp-content\/uploads\/2015\/06\/54-144x144.jpg 144w\" sizes=\"auto, (max-width: 150px) 100vw, 150px\" \/><\/a>\n\t\t\t<\/dt><\/dl><br style=\"clear: both\" \/><dl class='gallery-item'>\n\t\t\t<dt class='gallery-icon landscape'>\n\t\t\t\t<a href='https:\/\/www.amante-menden.de\/?attachment_id=735'><img loading=\"lazy\" decoding=\"async\" width=\"150\" height=\"150\" src=\"https:\/\/www.amante-menden.de\/wordpress\/wp-content\/uploads\/2015\/06\/44-150x150.jpg\" class=\"attachment-thumbnail size-thumbnail\" alt=\"\" srcset=\"https:\/\/www.amante-menden.de\/wordpress\/wp-content\/uploads\/2015\/06\/44-150x150.jpg 150w, https:\/\/www.amante-menden.de\/wordpress\/wp-content\/uploads\/2015\/06\/44-144x144.jpg 144w\" sizes=\"auto, (max-width: 150px) 100vw, 150px\" \/><\/a>\n\t\t\t<\/dt><\/dl><dl class='gallery-item'>\n\t\t\t<dt class='gallery-icon landscape'>\n\t\t\t\t<a href='https:\/\/www.amante-menden.de\/?attachment_id=734'><img loading=\"lazy\" decoding=\"async\" width=\"150\" height=\"150\" src=\"https:\/\/www.amante-menden.de\/wordpress\/wp-content\/uploads\/2015\/06\/3a-150x150.jpg\" class=\"attachment-thumbnail size-thumbnail\" alt=\"\" srcset=\"https:\/\/www.amante-menden.de\/wordpress\/wp-content\/uploads\/2015\/06\/3a-150x150.jpg 150w, https:\/\/www.amante-menden.de\/wordpress\/wp-content\/uploads\/2015\/06\/3a-144x144.jpg 144w\" sizes=\"auto, (max-width: 150px) 100vw, 150px\" \/><\/a>\n\t\t\t<\/dt><\/dl><dl class='gallery-item'>\n\t\t\t<dt class='gallery-icon landscape'>\n\t\t\t\t<a href='https:\/\/www.amante-menden.de\/?attachment_id=732'><img loading=\"lazy\" decoding=\"async\" width=\"150\" height=\"150\" src=\"https:\/\/www.amante-menden.de\/wordpress\/wp-content\/uploads\/2015\/06\/26-150x150.jpg\" class=\"attachment-thumbnail size-thumbnail\" alt=\"\" srcset=\"https:\/\/www.amante-menden.de\/wordpress\/wp-content\/uploads\/2015\/06\/26-150x150.jpg 150w, https:\/\/www.amante-menden.de\/wordpress\/wp-content\/uploads\/2015\/06\/26-144x144.jpg 144w\" sizes=\"auto, (max-width: 150px) 100vw, 150px\" \/><\/a>\n\t\t\t<\/dt><\/dl><br style=\"clear: both\" \/><dl class='gallery-item'>\n\t\t\t<dt class='gallery-icon landscape'>\n\t\t\t\t<a href='https:\/\/www.amante-menden.de\/?attachment_id=731'><img loading=\"lazy\" decoding=\"async\" width=\"150\" height=\"150\" src=\"https:\/\/www.amante-menden.de\/wordpress\/wp-content\/uploads\/2015\/06\/110-150x150.jpg\" class=\"attachment-thumbnail size-thumbnail\" alt=\"\" srcset=\"https:\/\/www.amante-menden.de\/wordpress\/wp-content\/uploads\/2015\/06\/110-150x150.jpg 150w, https:\/\/www.amante-menden.de\/wordpress\/wp-content\/uploads\/2015\/06\/110-144x144.jpg 144w\" sizes=\"auto, (max-width: 150px) 100vw, 150px\" \/><\/a>\n\t\t\t<\/dt><\/dl>\n\t\t\t<br style='clear: both' \/>\n\t\t<\/div>\n\n","protected":false},"excerpt":{"rendered":"<p>Bilder von Michael Kordes Kurzweiliges Festival zum 25-j\u00e4hrigen Bestehen des hoch dekorierten Chors Mit dem Chorfestival H\u00f6nne-Ruhr hat der Chor &#8222;amante della musica&#8220; am Wochenende sein 25-j\u00e4hriges Bestehen gefeiert. Bericht von Nico Schwarze Hellweger Anzeiger Auf der einen Seite der &hellip; <a href=\"https:\/\/www.amante-menden.de\/?page_id=742\">Weiterlesen <span class=\"meta-nav\">&rarr;<\/span><\/a><\/p>\n","protected":false},"author":1,"featured_media":0,"parent":156,"menu_order":112,"comment_status":"closed","ping_status":"closed","template":"","meta":{"footnotes":""},"class_list":["post-742","page","type-page","status-publish","hentry"],"_links":{"self":[{"href":"https:\/\/www.amante-menden.de\/index.php?rest_route=\/wp\/v2\/pages\/742","targetHints":{"allow":["GET"]}}],"collection":[{"href":"https:\/\/www.amante-menden.de\/index.php?rest_route=\/wp\/v2\/pages"}],"about":[{"href":"https:\/\/www.amante-menden.de\/index.php?rest_route=\/wp\/v2\/types\/page"}],"author":[{"embeddable":true,"href":"https:\/\/www.amante-menden.de\/index.php?rest_route=\/wp\/v2\/users\/1"}],"replies":[{"embeddable":true,"href":"https:\/\/www.amante-menden.de\/index.php?rest_route=%2Fwp%2Fv2%2Fcomments&post=742"}],"version-history":[{"count":2,"href":"https:\/\/www.amante-menden.de\/index.php?rest_route=\/wp\/v2\/pages\/742\/revisions"}],"predecessor-version":[{"id":744,"href":"https:\/\/www.amante-menden.de\/index.php?rest_route=\/wp\/v2\/pages\/742\/revisions\/744"}],"up":[{"embeddable":true,"href":"https:\/\/www.amante-menden.de\/index.php?rest_route=\/wp\/v2\/pages\/156"}],"wp:attachment":[{"href":"https:\/\/www.amante-menden.de\/index.php?rest_route=%2Fwp%2Fv2%2Fmedia&parent=742"}],"curies":[{"name":"wp","href":"https:\/\/api.w.org\/{rel}","templated":true}]}}