{"id":746,"date":"2015-06-16T15:31:10","date_gmt":"2015-06-16T13:31:10","guid":{"rendered":"http:\/\/amante-menden.de\/?page_id=746"},"modified":"2015-06-16T15:32:29","modified_gmt":"2015-06-16T13:32:29","slug":"festakt-25-jahre-amante-della-musica-menden-junger-chor-menden-1986","status":"publish","type":"page","link":"https:\/\/www.amante-menden.de\/?page_id=746","title":{"rendered":"Festakt 25 Jahre amante della musica menden \/ Junger Chor Menden 1986"},"content":{"rendered":"<h3>amante l\u00e4dt am 13.02.2011 zum Festakt in die Party-Tenne auf den Hof Drepper<\/h3>\n<p>Bilder von Dirk Becker und Tobias Holz<\/p>\n<p><a href=\"http:\/\/amante-menden.de\/wordpress\/wp-content\/uploads\/2015\/06\/chor.jpg\"><img loading=\"lazy\" decoding=\"async\" class=\" size-full wp-image-748 aligncenter\" src=\"http:\/\/amante-menden.de\/wordpress\/wp-content\/uploads\/2015\/06\/chor.jpg\" alt=\"chor\" width=\"345\" height=\"200\" srcset=\"https:\/\/www.amante-menden.de\/wordpress\/wp-content\/uploads\/2015\/06\/chor.jpg 345w, https:\/\/www.amante-menden.de\/wordpress\/wp-content\/uploads\/2015\/06\/chor-300x174.jpg 300w\" sizes=\"auto, (max-width: 345px) 100vw, 345px\" \/><\/a><\/p>\n<h2>Ein meisterlicher Festakt zum 25. Geburtstag<\/h2>\n<h3>Festredner Klaus Levermann findet humorige Worte f\u00fcr &#8222;amante della musica&#8220;<\/h3>\n<p>Bericht von Dirk Becker Helweger Anzeiger<\/p>\n<p align=\"justify\">Keine Frage: Von &#8222;amante della musica&#8220; musste man einen gro\u00dfartigen Auftritt erwarten. Der Meisterchor hat gro\u00dfe Anspr\u00fcche an sich selbst &#8211; und sieht sich gegen\u00fcber F\u00f6rderern, Sponsoren und jedem einzelnen Zuh\u00f6rer in der Pflicht. Richtig gelungen waren aber eben auch die Reden &#8211; allen voran die von Klaus Levermann.<\/p>\n<p align=\"justify\">Levermann, der 1986 gemeinsam mit einigen ehemaligen Mitgliedern des Kinderchores der Heilig-Kreuz-Gemeinde aus der Taufe gehoben hatte, brillierte mit einem humorvollen Vortrag. Der Ehrenvorsitzende erinnerte daran das der &#8222;Junge Chor Menden 1986&#8220; anfangs in &#8222;dunklen Kellergew\u00f6lben&#8220; geprobt hat &#8211; gemeint war die Kellerbar des Mannes, der den Chor zu einem der besten Ensembles der Umgebung machte.<\/p>\n<p align=\"justify\">Und Levermann legte nach, verschenkte saure Gurken an die f\u00fcnf schwangeren S\u00e4ngerinnen des Chores, alkoholfreien Sekt f\u00fcr den Tag der Geburt. Der Festredner tauchte ein in das Chorleben, das er so gut kennt. Das Chorleben, das sich seit Levermanns Abschied aber auch weiter ver\u00e4ndert hat. Der Festakt war ein weiterer lebendiger Beweis f\u00fcr den Ehrgeiz, der die S\u00e4ngerinnen und S\u00e4nger, aber auch Chorleiter Michael Oel antreibt. Als &#8222;semiprofessionell&#8220; bezeichnete Lars Becker die Arbeit des Ensembles, das trotz vieler erfolgreicher Leistungssingen mit beiden F\u00fc\u00dfen am Boden geblieben ist.<\/p>\n<p align=\"justify\">Becker bedankte sich bei allen F\u00f6rderern und Sponsoren, allen voran der Mendener Bank. Und er nannte das Ziel, das sich &#8222;amante della musica&#8220; gesteckt hat: Der Chor will mehr Publikum in die S\u00e4le locken, in denen er singt. Dass er musikalisch die Qualit\u00e4t dazu hat, hat der Chor immer wieder bewiesen &#8211; auch schon unter der Leitung von Klaus Levermann.<\/p>\n<p align=\"justify\">&#8222;amante&#8220; er\u00f6ffnete den Festakt mit 100 geladenen G\u00e4sten, darunter B\u00fcrgermeister Volker Fleige, sein Vorg\u00e4nger Rudi D\u00fcppe und Landrat Thomas Gemke, mit dem &#8222;Lied des T\u00fcrmers&#8220;. Dieses St\u00fcck war das erste, das der Chor einstudiert und aufgef\u00fchrt hat. Fleige erinnerte sich, dass er bei der Auff\u00fchrung dabei war. Es sei klar gewesen, dass diese Chormusik die Zukunft bestimmen werde.<\/p>\n<p align=\"justify\">Hermann Otto, der als Pr\u00e4sident des Chorverbandes Nordrhein-Westfalen die Jubil\u00e4umsurkunde \u00fcberreichte, brach aber auch eine Lanze f\u00fcr alte Traditionsch\u00f6re. Er lobte nicht nur die musikalische Leistungsf\u00e4higkeit des Chores, sondern auch dessen Organisationstalent. &#8222;amante&#8220; hat gemeinsam mit dem Chorverband H\u00f6nne-Ruhr vier Leistungssingen auf der Wilhelmsh\u00f6he organisiert &#8211; und Hermann Otto versprach, dass weitere folgen werden.<\/p>\n<p align=\"justify\">Auf den Chor wartet aber schon jetzt viel Arbeit: Am 7. und 8. Oktober pr\u00e4sentiert &#8222;amante&#8220; zweimal die Revue &#8222;F\u00fcr immer jung&#8220; auf der Wilhelmsh\u00f6he. Lars Becker macht keinen Hehl daraus, was sich der Chor erwartet: zweimal ausverkauftes Haus und 500 G\u00e4ste sollen es sein. Bis dahin wird &#8222;amante&#8220; nicht nur musikalisch gefordert sein, sondern auch handwerkliches Geschick beweisen m\u00fcssen, denn auch das B\u00fchnenbild stellen die Aktiven selbst her.<\/p>\n<p align=\"justify\">Es ist eben die F\u00e4higkeit, sich immer wieder auch auf neues einzulassen, die den Chor &#8222;amante della musica&#8220; zu dem macht, was er ist. Das machte auch Klaus Levermann deutlich. Eine besondere Ehre wurde am Sonntag Simone Rekitt zuteil: Sie ist das einzige verbliebene Gr\u00fcndungsmitglied des Chores und wurde zum Ehrenmitglied ernannt. Lars Becker \u00fcberreichte ihr einen Rahmen mit vielen Bildern aus ihrer ganz pers\u00f6nlichen Chorgeschichte.<\/p>\n<p align=\"justify\">Und so blieb letztlich nur eine Frage offen: die, ob &#8222;amante&#8220; sich zurecht &#8222;Meisterchor&#8220; nennen darf. Klaus Levermann hatte da so seine schwarz-gelben Zweifel: Der Chor sei bisher nicht bei einem Konzert in Dortmund aufgetreten. Stimmt, aber daf\u00fcr war er schon zur Chorfahrt in M\u00fcnchen&#8230;<\/p>\n<hr \/>\n<h2 align=\"justify\">\u00a0Simone Rekitt singt seit 25 Jahren bei amante mit<\/h2>\n<h3 align=\"justify\">Bericht von Laura Oswald-J\u00fcttner Westfalenpost<\/h3>\n<p align=\"justify\">25 Jahre amante della musica menden &#8211; wenn das mal kein Grund zum Feiern ist. Das erste offizielle Jubil\u00e4um im Chorverband H\u00f6nne-Ruhr feierten die 50 S\u00e4ngerinnen und S\u00e4nger gestern mit einem gro\u00dfen Empfang in der Party-Tenne auf dem Hof Drepper in S\u00fcmmern.Niemand h\u00e4tte wohl damit gerechnet, was aus einer Handvoll M\u00e4dchen und Jungen werden w\u00fcrde. Am wenigsten wahrscheinlich Simone Rekitt. Die Altistin ist das noch einzig verbliebene Gr\u00fcndungsmitglied. Sie blickt gl\u00fccklich auf 25 Jahre in einem Chor zur\u00fcck: &#8222;F\u00fcr mich ist Singen das Sch\u00f6nste, was es gibt.&#8220; Der Zusammenhalt im Chor ist es, der sie auch nach einem Vierteljahrhundert noch immer fasziniert. &#8222;Es gab viele tolle Chorfahrten, Freundschaften sind entstanden, die man noch immer pflegt.&#8220; 1993 lernte sie beim damals noch Jungen Chor Menden 1986 &#8211; die Umbenennung in amante della musica menden erfolgte 1998 &#8211; ihren Mann Burkhard Br\u00fchmann kennen, 2003 heirateten die beiden, der Chor war nat\u00fcrlich dabei. &#8222;Es ist super, dass wir ein gemeinsames Hobby haben.&#8220; Simone Rekitt geh\u00f6rt zu amante einfach dazu. Um ihr das offen zu zeigen, enth\u00fcllte Vorsitzender Lars Becker eine Tafel mit vielen Fotos von Simone Rekitt. In der Mitte prangt eine Urkunde, mit der sie ab sofort zum Ehrenmitglied ernannt ist.<\/p>\n<p align=\"justify\">Von 1986 bis 2006 leitete Klaus Levermann den Chor. Er hielt gestern eine gro\u00dfartige Festrede, erinnerte darin an die Anf\u00e4nge: &#8222;Es war ein spannendes Zusammensein von jungen Menschen, die Lust aufs Singen hatten, obwohl Singen in dem Alter eigentlich noch ,verp\u00f6nt&#8216; war&#8220;, l\u00e4sst Levermann die erste Probe auf der Orgelempore in der Heilig-Kreuz-Kirche Revue passieren.<\/p>\n<p align=\"justify\">Aus der Handvoll sind mittlerweile 50 aktive S\u00e4ngerinnen und S\u00e4nger zwischen 16 und 66 Jahren geworden. Den demographischen Wandel hat amante aufgehalten, derzeit erwarten f\u00fcnf S\u00e4ngerinnen Nachwuchs, darunter zwei echte Chorbabys, denn beide Eltern singen bei amante.<\/p>\n<p align=\"justify\">Zahlreiche Ehreng\u00e4ste waren der Einladung gefolgt, unter ihnen der Pr\u00e4sident des Chorverbandes NRW, Hermann Otto. Er hatte neben einer Urkunde zum 25-j\u00e4hrigen Jubil\u00e4um auch bewegende Worte f\u00fcr amante della musica im Gep\u00e4ck: &#8222;Chorgesang ist die un\u00fcberh\u00f6rbare Stimme von NRW. Leidenschaft ist in jedem von euch. Danke f\u00fcr 25 Jahre lebendige Chorgeschichte. Ihr seid gute Repr\u00e4sentanten einer Stadt, und es macht Spa\u00df, euch zuzuh\u00f6ren.&#8220;<\/p>\n<p align=\"justify\">Lars Becker, seit 1999 Vorsitzender von amante della musica, w\u00fcrdigte den Chor und seine Sangesgeschwister mit den Worten &#8222;Unser Ruf hat uns \u00fcber die Stadt- und Kreisgrenzen hinaus bekannt gemacht. Wir sind angesehene Botschafter Mendens.&#8220;<\/p>\n<p align=\"justify\">Dem Empfang folgt in diesem Jahr noch ein zweit\u00e4giges Chorfestival auf der Wilhelmsh\u00f6he, zu dem alle Ch\u00f6re aus dem Chorverband H\u00f6nne-Ruhr eingeladen sind. Im Sommer feiert der Chor eine eigene gro\u00dfe Geburtstagsparty. Ein weiterer H\u00f6hepunkt wird die Chorrevue &#8222;F\u00fcr immer jung&#8220; im Herbst sein.<\/p>\n<div id='gallery-1' class='gallery galleryid-746 gallery-columns-3 gallery-size-thumbnail'><dl class='gallery-item'>\n\t\t\t<dt class='gallery-icon landscape'>\n\t\t\t\t<a href='https:\/\/www.amante-menden.de\/?attachment_id=764'><img loading=\"lazy\" decoding=\"async\" width=\"150\" height=\"150\" src=\"https:\/\/www.amante-menden.de\/wordpress\/wp-content\/uploads\/2015\/06\/simone1-150x150.jpg\" class=\"attachment-thumbnail size-thumbnail\" alt=\"\" srcset=\"https:\/\/www.amante-menden.de\/wordpress\/wp-content\/uploads\/2015\/06\/simone1-150x150.jpg 150w, https:\/\/www.amante-menden.de\/wordpress\/wp-content\/uploads\/2015\/06\/simone1-144x144.jpg 144w\" sizes=\"auto, (max-width: 150px) 100vw, 150px\" \/><\/a>\n\t\t\t<\/dt><\/dl><dl class='gallery-item'>\n\t\t\t<dt class='gallery-icon portrait'>\n\t\t\t\t<a href='https:\/\/www.amante-menden.de\/?attachment_id=763'><img loading=\"lazy\" decoding=\"async\" width=\"129\" height=\"150\" src=\"https:\/\/www.amante-menden.de\/wordpress\/wp-content\/uploads\/2015\/06\/simone-2-129x150.jpg\" class=\"attachment-thumbnail size-thumbnail\" alt=\"\" \/><\/a>\n\t\t\t<\/dt><\/dl><dl class='gallery-item'>\n\t\t\t<dt class='gallery-icon landscape'>\n\t\t\t\t<a href='https:\/\/www.amante-menden.de\/?attachment_id=762'><img loading=\"lazy\" decoding=\"async\" width=\"150\" height=\"150\" src=\"https:\/\/www.amante-menden.de\/wordpress\/wp-content\/uploads\/2015\/06\/lars1-150x150.jpg\" class=\"attachment-thumbnail size-thumbnail\" alt=\"\" srcset=\"https:\/\/www.amante-menden.de\/wordpress\/wp-content\/uploads\/2015\/06\/lars1-150x150.jpg 150w, https:\/\/www.amante-menden.de\/wordpress\/wp-content\/uploads\/2015\/06\/lars1-144x144.jpg 144w\" sizes=\"auto, (max-width: 150px) 100vw, 150px\" \/><\/a>\n\t\t\t<\/dt><\/dl><br style=\"clear: both\" \/><dl class='gallery-item'>\n\t\t\t<dt class='gallery-icon landscape'>\n\t\t\t\t<a href='https:\/\/www.amante-menden.de\/?attachment_id=761'><img loading=\"lazy\" decoding=\"async\" width=\"150\" height=\"150\" src=\"https:\/\/www.amante-menden.de\/wordpress\/wp-content\/uploads\/2015\/06\/kuchen2-150x150.jpg\" class=\"attachment-thumbnail size-thumbnail\" alt=\"\" srcset=\"https:\/\/www.amante-menden.de\/wordpress\/wp-content\/uploads\/2015\/06\/kuchen2-150x150.jpg 150w, https:\/\/www.amante-menden.de\/wordpress\/wp-content\/uploads\/2015\/06\/kuchen2-144x144.jpg 144w\" sizes=\"auto, (max-width: 150px) 100vw, 150px\" \/><\/a>\n\t\t\t<\/dt><\/dl><dl class='gallery-item'>\n\t\t\t<dt class='gallery-icon landscape'>\n\t\t\t\t<a href='https:\/\/www.amante-menden.de\/?attachment_id=760'><img loading=\"lazy\" decoding=\"async\" width=\"150\" height=\"150\" src=\"https:\/\/www.amante-menden.de\/wordpress\/wp-content\/uploads\/2015\/06\/kuchen-150x150.jpg\" class=\"attachment-thumbnail size-thumbnail\" alt=\"\" srcset=\"https:\/\/www.amante-menden.de\/wordpress\/wp-content\/uploads\/2015\/06\/kuchen-150x150.jpg 150w, https:\/\/www.amante-menden.de\/wordpress\/wp-content\/uploads\/2015\/06\/kuchen-144x144.jpg 144w\" sizes=\"auto, (max-width: 150px) 100vw, 150px\" \/><\/a>\n\t\t\t<\/dt><\/dl><dl class='gallery-item'>\n\t\t\t<dt class='gallery-icon landscape'>\n\t\t\t\t<a href='https:\/\/www.amante-menden.de\/?attachment_id=759'><img loading=\"lazy\" decoding=\"async\" width=\"150\" height=\"150\" src=\"https:\/\/www.amante-menden.de\/wordpress\/wp-content\/uploads\/2015\/06\/klaus2-150x150.jpg\" class=\"attachment-thumbnail size-thumbnail\" alt=\"\" srcset=\"https:\/\/www.amante-menden.de\/wordpress\/wp-content\/uploads\/2015\/06\/klaus2-150x150.jpg 150w, https:\/\/www.amante-menden.de\/wordpress\/wp-content\/uploads\/2015\/06\/klaus2-144x144.jpg 144w\" sizes=\"auto, (max-width: 150px) 100vw, 150px\" \/><\/a>\n\t\t\t<\/dt><\/dl><br style=\"clear: both\" \/><dl class='gallery-item'>\n\t\t\t<dt class='gallery-icon landscape'>\n\t\t\t\t<a href='https:\/\/www.amante-menden.de\/?attachment_id=758'><img loading=\"lazy\" decoding=\"async\" width=\"150\" height=\"150\" src=\"https:\/\/www.amante-menden.de\/wordpress\/wp-content\/uploads\/2015\/06\/klaus1-150x150.jpg\" class=\"attachment-thumbnail size-thumbnail\" alt=\"\" srcset=\"https:\/\/www.amante-menden.de\/wordpress\/wp-content\/uploads\/2015\/06\/klaus1-150x150.jpg 150w, https:\/\/www.amante-menden.de\/wordpress\/wp-content\/uploads\/2015\/06\/klaus1-144x144.jpg 144w\" sizes=\"auto, (max-width: 150px) 100vw, 150px\" \/><\/a>\n\t\t\t<\/dt><\/dl><dl class='gallery-item'>\n\t\t\t<dt class='gallery-icon portrait'>\n\t\t\t\t<a href='https:\/\/www.amante-menden.de\/?attachment_id=757'><img loading=\"lazy\" decoding=\"async\" width=\"150\" height=\"150\" src=\"https:\/\/www.amante-menden.de\/wordpress\/wp-content\/uploads\/2015\/06\/hermann2-150x150.jpg\" class=\"attachment-thumbnail size-thumbnail\" alt=\"\" srcset=\"https:\/\/www.amante-menden.de\/wordpress\/wp-content\/uploads\/2015\/06\/hermann2-150x150.jpg 150w, https:\/\/www.amante-menden.de\/wordpress\/wp-content\/uploads\/2015\/06\/hermann2-144x144.jpg 144w\" sizes=\"auto, (max-width: 150px) 100vw, 150px\" \/><\/a>\n\t\t\t<\/dt><\/dl><dl class='gallery-item'>\n\t\t\t<dt class='gallery-icon landscape'>\n\t\t\t\t<a href='https:\/\/www.amante-menden.de\/?attachment_id=756'><img loading=\"lazy\" decoding=\"async\" width=\"150\" height=\"150\" src=\"https:\/\/www.amante-menden.de\/wordpress\/wp-content\/uploads\/2015\/06\/hermann1-150x150.jpg\" class=\"attachment-thumbnail size-thumbnail\" alt=\"\" srcset=\"https:\/\/www.amante-menden.de\/wordpress\/wp-content\/uploads\/2015\/06\/hermann1-150x150.jpg 150w, https:\/\/www.amante-menden.de\/wordpress\/wp-content\/uploads\/2015\/06\/hermann1-144x144.jpg 144w\" sizes=\"auto, (max-width: 150px) 100vw, 150px\" \/><\/a>\n\t\t\t<\/dt><\/dl><br style=\"clear: both\" \/><dl class='gallery-item'>\n\t\t\t<dt class='gallery-icon landscape'>\n\t\t\t\t<a href='https:\/\/www.amante-menden.de\/?attachment_id=755'><img loading=\"lazy\" decoding=\"async\" width=\"150\" height=\"150\" src=\"https:\/\/www.amante-menden.de\/wordpress\/wp-content\/uploads\/2015\/06\/gemke-150x150.jpg\" class=\"attachment-thumbnail size-thumbnail\" alt=\"\" srcset=\"https:\/\/www.amante-menden.de\/wordpress\/wp-content\/uploads\/2015\/06\/gemke-150x150.jpg 150w, https:\/\/www.amante-menden.de\/wordpress\/wp-content\/uploads\/2015\/06\/gemke-144x144.jpg 144w\" sizes=\"auto, (max-width: 150px) 100vw, 150px\" \/><\/a>\n\t\t\t<\/dt><\/dl><dl class='gallery-item'>\n\t\t\t<dt class='gallery-icon landscape'>\n\t\t\t\t<a href='https:\/\/www.amante-menden.de\/?attachment_id=754'><img loading=\"lazy\" decoding=\"async\" width=\"150\" height=\"150\" src=\"https:\/\/www.amante-menden.de\/wordpress\/wp-content\/uploads\/2015\/06\/gaeste-150x150.jpg\" class=\"attachment-thumbnail size-thumbnail\" alt=\"\" srcset=\"https:\/\/www.amante-menden.de\/wordpress\/wp-content\/uploads\/2015\/06\/gaeste-150x150.jpg 150w, https:\/\/www.amante-menden.de\/wordpress\/wp-content\/uploads\/2015\/06\/gaeste-144x144.jpg 144w\" sizes=\"auto, (max-width: 150px) 100vw, 150px\" \/><\/a>\n\t\t\t<\/dt><\/dl><dl class='gallery-item'>\n\t\t\t<dt class='gallery-icon landscape'>\n\t\t\t\t<a href='https:\/\/www.amante-menden.de\/?attachment_id=753'><img loading=\"lazy\" decoding=\"async\" width=\"150\" height=\"150\" src=\"https:\/\/www.amante-menden.de\/wordpress\/wp-content\/uploads\/2015\/06\/fleige-150x150.jpg\" class=\"attachment-thumbnail size-thumbnail\" alt=\"\" srcset=\"https:\/\/www.amante-menden.de\/wordpress\/wp-content\/uploads\/2015\/06\/fleige-150x150.jpg 150w, https:\/\/www.amante-menden.de\/wordpress\/wp-content\/uploads\/2015\/06\/fleige-144x144.jpg 144w\" sizes=\"auto, (max-width: 150px) 100vw, 150px\" \/><\/a>\n\t\t\t<\/dt><\/dl><br style=\"clear: both\" \/><dl class='gallery-item'>\n\t\t\t<dt class='gallery-icon landscape'>\n\t\t\t\t<a href='https:\/\/www.amante-menden.de\/?attachment_id=751'><img loading=\"lazy\" decoding=\"async\" width=\"150\" height=\"150\" src=\"https:\/\/www.amante-menden.de\/wordpress\/wp-content\/uploads\/2015\/06\/eddy-150x150.jpg\" class=\"attachment-thumbnail size-thumbnail\" alt=\"\" srcset=\"https:\/\/www.amante-menden.de\/wordpress\/wp-content\/uploads\/2015\/06\/eddy-150x150.jpg 150w, https:\/\/www.amante-menden.de\/wordpress\/wp-content\/uploads\/2015\/06\/eddy-144x144.jpg 144w\" sizes=\"auto, (max-width: 150px) 100vw, 150px\" \/><\/a>\n\t\t\t<\/dt><\/dl><dl class='gallery-item'>\n\t\t\t<dt class='gallery-icon portrait'>\n\t\t\t\t<a href='https:\/\/www.amante-menden.de\/?attachment_id=750'><img loading=\"lazy\" decoding=\"async\" width=\"150\" height=\"150\" src=\"https:\/\/www.amante-menden.de\/wordpress\/wp-content\/uploads\/2015\/06\/dirk-150x150.jpg\" class=\"attachment-thumbnail size-thumbnail\" alt=\"\" srcset=\"https:\/\/www.amante-menden.de\/wordpress\/wp-content\/uploads\/2015\/06\/dirk-150x150.jpg 150w, https:\/\/www.amante-menden.de\/wordpress\/wp-content\/uploads\/2015\/06\/dirk-144x144.jpg 144w, https:\/\/www.amante-menden.de\/wordpress\/wp-content\/uploads\/2015\/06\/dirk-198x198.jpg 198w\" sizes=\"auto, (max-width: 150px) 100vw, 150px\" \/><\/a>\n\t\t\t<\/dt><\/dl><dl class='gallery-item'>\n\t\t\t<dt class='gallery-icon landscape'>\n\t\t\t\t<a href='https:\/\/www.amante-menden.de\/?attachment_id=749'><img loading=\"lazy\" decoding=\"async\" width=\"150\" height=\"150\" src=\"https:\/\/www.amante-menden.de\/wordpress\/wp-content\/uploads\/2015\/06\/chor2-150x150.jpg\" class=\"attachment-thumbnail size-thumbnail\" alt=\"\" srcset=\"https:\/\/www.amante-menden.de\/wordpress\/wp-content\/uploads\/2015\/06\/chor2-150x150.jpg 150w, https:\/\/www.amante-menden.de\/wordpress\/wp-content\/uploads\/2015\/06\/chor2-144x144.jpg 144w\" sizes=\"auto, (max-width: 150px) 100vw, 150px\" \/><\/a>\n\t\t\t<\/dt><\/dl><br style=\"clear: both\" \/><dl class='gallery-item'>\n\t\t\t<dt class='gallery-icon landscape'>\n\t\t\t\t<a href='https:\/\/www.amante-menden.de\/?attachment_id=747'><img loading=\"lazy\" decoding=\"async\" width=\"150\" height=\"150\" src=\"https:\/\/www.amante-menden.de\/wordpress\/wp-content\/uploads\/2015\/06\/astridt-150x150.jpg\" class=\"attachment-thumbnail size-thumbnail\" alt=\"\" srcset=\"https:\/\/www.amante-menden.de\/wordpress\/wp-content\/uploads\/2015\/06\/astridt-150x150.jpg 150w, https:\/\/www.amante-menden.de\/wordpress\/wp-content\/uploads\/2015\/06\/astridt-144x144.jpg 144w\" sizes=\"auto, (max-width: 150px) 100vw, 150px\" \/><\/a>\n\t\t\t<\/dt><\/dl>\n\t\t\t<br style='clear: both' \/>\n\t\t<\/div>\n\n","protected":false},"excerpt":{"rendered":"<p>amante l\u00e4dt am 13.02.2011 zum Festakt in die Party-Tenne auf den Hof Drepper Bilder von Dirk Becker und Tobias Holz Ein meisterlicher Festakt zum 25. Geburtstag Festredner Klaus Levermann findet humorige Worte f\u00fcr &#8222;amante della musica&#8220; Bericht von Dirk Becker &hellip; <a href=\"https:\/\/www.amante-menden.de\/?page_id=746\">Weiterlesen <span class=\"meta-nav\">&rarr;<\/span><\/a><\/p>\n","protected":false},"author":1,"featured_media":0,"parent":156,"menu_order":113,"comment_status":"closed","ping_status":"closed","template":"","meta":{"footnotes":""},"class_list":["post-746","page","type-page","status-publish","hentry"],"_links":{"self":[{"href":"https:\/\/www.amante-menden.de\/index.php?rest_route=\/wp\/v2\/pages\/746","targetHints":{"allow":["GET"]}}],"collection":[{"href":"https:\/\/www.amante-menden.de\/index.php?rest_route=\/wp\/v2\/pages"}],"about":[{"href":"https:\/\/www.amante-menden.de\/index.php?rest_route=\/wp\/v2\/types\/page"}],"author":[{"embeddable":true,"href":"https:\/\/www.amante-menden.de\/index.php?rest_route=\/wp\/v2\/users\/1"}],"replies":[{"embeddable":true,"href":"https:\/\/www.amante-menden.de\/index.php?rest_route=%2Fwp%2Fv2%2Fcomments&post=746"}],"version-history":[{"count":2,"href":"https:\/\/www.amante-menden.de\/index.php?rest_route=\/wp\/v2\/pages\/746\/revisions"}],"predecessor-version":[{"id":767,"href":"https:\/\/www.amante-menden.de\/index.php?rest_route=\/wp\/v2\/pages\/746\/revisions\/767"}],"up":[{"embeddable":true,"href":"https:\/\/www.amante-menden.de\/index.php?rest_route=\/wp\/v2\/pages\/156"}],"wp:attachment":[{"href":"https:\/\/www.amante-menden.de\/index.php?rest_route=%2Fwp%2Fv2%2Fmedia&parent=746"}],"curies":[{"name":"wp","href":"https:\/\/api.w.org\/{rel}","templated":true}]}}